{"id":535,"date":"2016-08-26T12:40:27","date_gmt":"2016-08-26T11:40:27","guid":{"rendered":"http:\/\/www.ajecta.fr\/?page_id=535"},"modified":"2016-08-26T12:42:27","modified_gmt":"2016-08-26T11:42:27","slug":"montereau-2016","status":"publish","type":"page","link":"https:\/\/www.ajecta.fr\/?page_id=535","title":{"rendered":"Montereau 2016"},"content":{"rendered":"<p>Quittant l&rsquo;habituel trajet Longueville-Provins, le train \u00e0 vapeur se rendait ce samedi 02 juillet 2016 jusqu&rsquo;\u00e0 Montereau en passant par la ligne de\u00a0Flamboin, une belle ligne \u00e0 voie unique r\u00e9cemment r\u00e9ouverte.<\/p>\n<div id=\"attachment_547\" style=\"width: 810px\" class=\"wp-caption aligncenter\"><img loading=\"lazy\" decoding=\"async\" aria-describedby=\"caption-attachment-547\" class=\"size-full wp-image-547\" src=\"https:\/\/www.ajecta.fr\/wp-content\/uploads\/2016\/08\/montereau2016-vapeur-424-tasm-3.jpg\" alt=\"Le train \u00e0 vapeur approche des Ormes sur Voulzie (photo J. Tasma)\" width=\"800\" height=\"532\" srcset=\"https:\/\/www.ajecta.fr\/wp-content\/uploads\/2016\/08\/montereau2016-vapeur-424-tasm-3.jpg 800w, https:\/\/www.ajecta.fr\/wp-content\/uploads\/2016\/08\/montereau2016-vapeur-424-tasm-3-300x200.jpg 300w, https:\/\/www.ajecta.fr\/wp-content\/uploads\/2016\/08\/montereau2016-vapeur-424-tasm-3-768x511.jpg 768w, https:\/\/www.ajecta.fr\/wp-content\/uploads\/2016\/08\/montereau2016-vapeur-424-tasm-3-226x150.jpg 226w, https:\/\/www.ajecta.fr\/wp-content\/uploads\/2016\/08\/montereau2016-vapeur-424-tasm-3-150x100.jpg 150w\" sizes=\"auto, (max-width: 800px) 100vw, 800px\" \/><p id=\"caption-attachment-547\" class=\"wp-caption-text\">Le train \u00e0 vapeur approche des Ormes sur Voulzie (photo J. Tasma)<\/p><\/div>\n<p style=\"text-align: justify;\">Initialement envisag\u00e9 pour aller jusqu&rsquo;\u00e0 Moret sur Loing, ce train avait bien failli ne pas circuler en raison de soucis de voie, cons\u00e9cutifs aux fortes intemp\u00e9ries\u00a0du printemps. Mais ce voyage nous tenait \u00e0 c\u0153ur.\u00a0<span lang=\"FR\">En soutenant ce dossier avec\u00a0t\u00e9nacit\u00e9\u00a0et\u00a0gr\u00e2ce au\u00a0concours\u00a0de tous ses interlocuteurs SNCF, l&rsquo;AJECTA a finalement pu obtenir l&rsquo;autorisation de circuler, moyennant une r\u00e9duction de la vitesse limite sur le parcours.\u00a0Le report du terminus \u00e0 Montereau permettait\u00a0de conserver une amplitude horaire raisonnable.<\/span><\/p>\n<p style=\"text-align: justify;\"><span lang=\"FR\">C&rsquo;est la 141 TB 424 de nos amis de la AAATV de Mulhouse qui assurait la traction. Apr\u00e8s une nuit de mise en chauffe, une bonne heure avant le d\u00e9part, la machine\u00a0est sortie de\u00a0la rotonde pour \u00eatre orient\u00e9e vers les voies de sortie du d\u00e9p\u00f4t et commencer les \u00e9volutions de la rame.<\/span><\/p>\n<div id=\"attachment_533\" style=\"width: 810px\" class=\"wp-caption aligncenter\"><img loading=\"lazy\" decoding=\"async\" aria-describedby=\"caption-attachment-533\" class=\"wp-image-533 size-full\" src=\"https:\/\/www.ajecta.fr\/wp-content\/uploads\/2016\/08\/montereau2016-vapeur-424-tasm-6.jpg\" alt=\"La 141 TB 424 de la AAATV de Mulhouse sur le pont tournant du d\u00e9p\u00f4t de Longueville (photo J. Tasma)\" width=\"800\" height=\"532\" srcset=\"https:\/\/www.ajecta.fr\/wp-content\/uploads\/2016\/08\/montereau2016-vapeur-424-tasm-6.jpg 800w, https:\/\/www.ajecta.fr\/wp-content\/uploads\/2016\/08\/montereau2016-vapeur-424-tasm-6-300x200.jpg 300w, https:\/\/www.ajecta.fr\/wp-content\/uploads\/2016\/08\/montereau2016-vapeur-424-tasm-6-768x511.jpg 768w, https:\/\/www.ajecta.fr\/wp-content\/uploads\/2016\/08\/montereau2016-vapeur-424-tasm-6-226x150.jpg 226w, https:\/\/www.ajecta.fr\/wp-content\/uploads\/2016\/08\/montereau2016-vapeur-424-tasm-6-150x100.jpg 150w\" sizes=\"auto, (max-width: 800px) 100vw, 800px\" \/><p id=\"caption-attachment-533\" class=\"wp-caption-text\">La 141 TB 424 de la AAATV de Mulhouse sort sur le pont tournant du d\u00e9p\u00f4t (photo J. Tasma)<\/p><\/div>\n<div id=\"attachment_534\" style=\"width: 810px\" class=\"wp-caption aligncenter\"><img loading=\"lazy\" decoding=\"async\" aria-describedby=\"caption-attachment-534\" class=\"size-full wp-image-534\" src=\"https:\/\/www.ajecta.fr\/wp-content\/uploads\/2016\/08\/montereau2016-vapeur-424-tasm-7.jpg\" alt=\"Une petite rotation sur le pont tournant jusqu'\u00e0 la voie de stationnement de la rame (photo J. Tasma)\" width=\"800\" height=\"654\" srcset=\"https:\/\/www.ajecta.fr\/wp-content\/uploads\/2016\/08\/montereau2016-vapeur-424-tasm-7.jpg 800w, https:\/\/www.ajecta.fr\/wp-content\/uploads\/2016\/08\/montereau2016-vapeur-424-tasm-7-300x245.jpg 300w, https:\/\/www.ajecta.fr\/wp-content\/uploads\/2016\/08\/montereau2016-vapeur-424-tasm-7-768x628.jpg 768w, https:\/\/www.ajecta.fr\/wp-content\/uploads\/2016\/08\/montereau2016-vapeur-424-tasm-7-183x150.jpg 183w, https:\/\/www.ajecta.fr\/wp-content\/uploads\/2016\/08\/montereau2016-vapeur-424-tasm-7-150x123.jpg 150w\" sizes=\"auto, (max-width: 800px) 100vw, 800px\" \/><p id=\"caption-attachment-534\" class=\"wp-caption-text\">Une petite rotation sur le pont tournant jusqu&rsquo;\u00e0 la voie de stationnement de la rame (photo J. Tasma)<\/p><\/div>\n<p>D\u00e9part de la gare de Longueville \u00e0 10h30 pour descendre sur Flamboin \u00e0\u00a0quelques kilom\u00e8tres de l\u00e0.<\/p>\n<div id=\"attachment_514\" style=\"width: 810px\" class=\"wp-caption aligncenter\"><img loading=\"lazy\" decoding=\"async\" aria-describedby=\"caption-attachment-514\" class=\"size-full wp-image-514\" src=\"https:\/\/www.ajecta.fr\/wp-content\/uploads\/2016\/08\/montereau2016-vapeur-424-sant-1.jpg\" alt=\"Le train \u00e0 vapeur sur la ligne 4 entre Longueville et Flamboin (photo C. Santiciolli) \" width=\"800\" height=\"530\" srcset=\"https:\/\/www.ajecta.fr\/wp-content\/uploads\/2016\/08\/montereau2016-vapeur-424-sant-1.jpg 800w, https:\/\/www.ajecta.fr\/wp-content\/uploads\/2016\/08\/montereau2016-vapeur-424-sant-1-300x199.jpg 300w, https:\/\/www.ajecta.fr\/wp-content\/uploads\/2016\/08\/montereau2016-vapeur-424-sant-1-768x509.jpg 768w, https:\/\/www.ajecta.fr\/wp-content\/uploads\/2016\/08\/montereau2016-vapeur-424-sant-1-226x150.jpg 226w, https:\/\/www.ajecta.fr\/wp-content\/uploads\/2016\/08\/montereau2016-vapeur-424-sant-1-150x99.jpg 150w\" sizes=\"auto, (max-width: 800px) 100vw, 800px\" \/><p id=\"caption-attachment-514\" class=\"wp-caption-text\">Le train \u00e0 vapeur sur la ligne 4 entre Longueville et Flamboin (photo C. Santiciolli)<\/p><\/div>\n<p>Quelques minutes d&rsquo;attente au signal d&rsquo;entr\u00e9e de la gare de Flamboin pour\u00a0laisser le passage \u00e0 un train de sens inverse, puis la rame se tortille sur les aiguilles du faisceau pour rejoindre les garages.<\/p>\n<div id=\"attachment_529\" style=\"width: 810px\" class=\"wp-caption aligncenter\"><img loading=\"lazy\" decoding=\"async\" aria-describedby=\"caption-attachment-529\" class=\"size-full wp-image-529\" src=\"https:\/\/www.ajecta.fr\/wp-content\/uploads\/2016\/08\/montereau2016-vapeur-424-tasm-1.jpg\" alt=\"Entr\u00e9e en gare de Flamboin (photo J. Tasma)\" width=\"800\" height=\"532\" srcset=\"https:\/\/www.ajecta.fr\/wp-content\/uploads\/2016\/08\/montereau2016-vapeur-424-tasm-1.jpg 800w, https:\/\/www.ajecta.fr\/wp-content\/uploads\/2016\/08\/montereau2016-vapeur-424-tasm-1-300x200.jpg 300w, https:\/\/www.ajecta.fr\/wp-content\/uploads\/2016\/08\/montereau2016-vapeur-424-tasm-1-768x511.jpg 768w, https:\/\/www.ajecta.fr\/wp-content\/uploads\/2016\/08\/montereau2016-vapeur-424-tasm-1-226x150.jpg 226w, https:\/\/www.ajecta.fr\/wp-content\/uploads\/2016\/08\/montereau2016-vapeur-424-tasm-1-150x100.jpg 150w\" sizes=\"auto, (max-width: 800px) 100vw, 800px\" \/><p id=\"caption-attachment-529\" class=\"wp-caption-text\">Entr\u00e9e en gare de Flamboin (photo J. Tasma)<\/p><\/div>\n<p>Man\u0153uvres en gare de Flamboin pour d\u00e9teler la machine \u00e0 vapeur et l&rsquo;atteler de l&rsquo;autre c\u00f4t\u00e9 de la rame. Le train\u00a0repartira dans l&rsquo;autre sens vers Montereau.<\/p>\n<div id=\"attachment_530\" style=\"width: 810px\" class=\"wp-caption aligncenter\"><img loading=\"lazy\" decoding=\"async\" aria-describedby=\"caption-attachment-530\" class=\"size-full wp-image-530\" src=\"https:\/\/www.ajecta.fr\/wp-content\/uploads\/2016\/08\/montereau2016-vapeur-424-tasm-2.jpg\" alt=\"La 141 TB 424 fait l'impasse au bout du faisceau pour remonter la rame et \u00eatre attel\u00e9e dans l'autre sens (photo J. Tasma)\" width=\"800\" height=\"532\" srcset=\"https:\/\/www.ajecta.fr\/wp-content\/uploads\/2016\/08\/montereau2016-vapeur-424-tasm-2.jpg 800w, https:\/\/www.ajecta.fr\/wp-content\/uploads\/2016\/08\/montereau2016-vapeur-424-tasm-2-300x200.jpg 300w, https:\/\/www.ajecta.fr\/wp-content\/uploads\/2016\/08\/montereau2016-vapeur-424-tasm-2-768x511.jpg 768w, https:\/\/www.ajecta.fr\/wp-content\/uploads\/2016\/08\/montereau2016-vapeur-424-tasm-2-226x150.jpg 226w, https:\/\/www.ajecta.fr\/wp-content\/uploads\/2016\/08\/montereau2016-vapeur-424-tasm-2-150x100.jpg 150w\" sizes=\"auto, (max-width: 800px) 100vw, 800px\" \/><p id=\"caption-attachment-530\" class=\"wp-caption-text\">La 141 TB 424 fait l&rsquo;impasse au bout du faisceau pour remonter la rame et \u00eatre attel\u00e9e dans l&rsquo;autre sens (photo J. Tasma)<\/p><\/div>\n<p>Le train \u00e0 vapeur s&rsquo;engage sur la voie unique Flamboin-Montereau. Ferm\u00e9e au d\u00e9but des ann\u00e9es 80, cette ligne a \u00e9t\u00e9 r\u00e9ouverte pour \u00e9couler un trafic de fret en 2012, apr\u00e8s renouvellement de la voie. Elle n&rsquo;est pas emprunt\u00e9e par les trains de voyageurs.<\/p>\n<div id=\"attachment_515\" style=\"width: 810px\" class=\"wp-caption aligncenter\"><img loading=\"lazy\" decoding=\"async\" aria-describedby=\"caption-attachment-515\" class=\"size-full wp-image-515\" src=\"https:\/\/www.ajecta.fr\/wp-content\/uploads\/2016\/08\/montereau2016-vapeur-424-sant-2.jpg\" alt=\"C'est parti sur la ligne \u00e0 voie unique de Flamboin \u00e0 Montereau (photo C. Santiciolli)\" width=\"800\" height=\"534\" srcset=\"https:\/\/www.ajecta.fr\/wp-content\/uploads\/2016\/08\/montereau2016-vapeur-424-sant-2.jpg 800w, https:\/\/www.ajecta.fr\/wp-content\/uploads\/2016\/08\/montereau2016-vapeur-424-sant-2-300x200.jpg 300w, https:\/\/www.ajecta.fr\/wp-content\/uploads\/2016\/08\/montereau2016-vapeur-424-sant-2-768x513.jpg 768w, https:\/\/www.ajecta.fr\/wp-content\/uploads\/2016\/08\/montereau2016-vapeur-424-sant-2-225x150.jpg 225w, https:\/\/www.ajecta.fr\/wp-content\/uploads\/2016\/08\/montereau2016-vapeur-424-sant-2-150x100.jpg 150w\" sizes=\"auto, (max-width: 800px) 100vw, 800px\" \/><p id=\"caption-attachment-515\" class=\"wp-caption-text\">C&rsquo;est parti sur la ligne \u00e0 voie unique de Flamboin \u00e0 Montereau (photo C. Santiciolli)<\/p><\/div>\n<p>Le parcours est tr\u00e8s bucolique, alternant champs et zones bois\u00e9es. Par endroits, on peut constater que les pr\u00e9cipitations ont bien profit\u00e9 \u00e0 la v\u00e9g\u00e9tation !<\/p>\n<div id=\"attachment_507\" style=\"width: 810px\" class=\"wp-caption aligncenter\"><img loading=\"lazy\" decoding=\"async\" aria-describedby=\"caption-attachment-507\" class=\"size-full wp-image-507\" src=\"https:\/\/www.ajecta.fr\/wp-content\/uploads\/2016\/08\/montereau2016-Berger-1.jpg\" alt=\"Vue depuis la queue du train, une section de ligne dans les champs de c\u00e9r\u00e9ales (photo Ajecta-P.Berger)\" width=\"800\" height=\"533\" srcset=\"https:\/\/www.ajecta.fr\/wp-content\/uploads\/2016\/08\/montereau2016-Berger-1.jpg 800w, https:\/\/www.ajecta.fr\/wp-content\/uploads\/2016\/08\/montereau2016-Berger-1-300x200.jpg 300w, https:\/\/www.ajecta.fr\/wp-content\/uploads\/2016\/08\/montereau2016-Berger-1-768x512.jpg 768w, https:\/\/www.ajecta.fr\/wp-content\/uploads\/2016\/08\/montereau2016-Berger-1-225x150.jpg 225w, https:\/\/www.ajecta.fr\/wp-content\/uploads\/2016\/08\/montereau2016-Berger-1-150x100.jpg 150w\" sizes=\"auto, (max-width: 800px) 100vw, 800px\" \/><p id=\"caption-attachment-507\" class=\"wp-caption-text\">Vue depuis la queue du train, une section de ligne dans les champs de c\u00e9r\u00e9ales (photo Ajecta-P.Berger)<\/p><\/div>\n<div id=\"attachment_510\" style=\"width: 810px\" class=\"wp-caption aligncenter\"><img loading=\"lazy\" decoding=\"async\" aria-describedby=\"caption-attachment-510\" class=\"wp-image-510 size-full\" src=\"https:\/\/www.ajecta.fr\/wp-content\/uploads\/2016\/08\/montereau2016-Berger-4.jpg\" alt=\"Par endroits, la v\u00e9g\u00e9tation est abondante (photo Ajecta-P.Berger)\" width=\"800\" height=\"533\" srcset=\"https:\/\/www.ajecta.fr\/wp-content\/uploads\/2016\/08\/montereau2016-Berger-4.jpg 800w, https:\/\/www.ajecta.fr\/wp-content\/uploads\/2016\/08\/montereau2016-Berger-4-300x200.jpg 300w, https:\/\/www.ajecta.fr\/wp-content\/uploads\/2016\/08\/montereau2016-Berger-4-768x512.jpg 768w, https:\/\/www.ajecta.fr\/wp-content\/uploads\/2016\/08\/montereau2016-Berger-4-225x150.jpg 225w, https:\/\/www.ajecta.fr\/wp-content\/uploads\/2016\/08\/montereau2016-Berger-4-150x100.jpg 150w\" sizes=\"auto, (max-width: 800px) 100vw, 800px\" \/><p id=\"caption-attachment-510\" class=\"wp-caption-text\">Par endroits, la v\u00e9g\u00e9tation est abondante (photo Ajecta-P.Berger)<\/p><\/div>\n<p>Passage \u00e0 Vimpelles. Jusqu&rsquo;en 1950,\u00a0cette gare\u00a0a vu\u00a0\u00e9galement le passage d&rsquo;une voie m\u00e9trique venant de Bray sur Seine et continuant sur Nangis, branche sud\u00a0d&rsquo;un grand r\u00e9seau seine et marnais de la soci\u00e9t\u00e9 des Chemin de Fer Economique (SE).<\/p>\n<div id=\"attachment_516\" style=\"width: 810px\" class=\"wp-caption aligncenter\"><img loading=\"lazy\" decoding=\"async\" aria-describedby=\"caption-attachment-516\" class=\"size-full wp-image-516\" src=\"https:\/\/www.ajecta.fr\/wp-content\/uploads\/2016\/08\/montereau2016-vapeur-424-sant-3.jpg\" alt=\"Passage \u00e0 Vimpelles (photo C. Santiciolli)\" width=\"800\" height=\"534\" srcset=\"https:\/\/www.ajecta.fr\/wp-content\/uploads\/2016\/08\/montereau2016-vapeur-424-sant-3.jpg 800w, https:\/\/www.ajecta.fr\/wp-content\/uploads\/2016\/08\/montereau2016-vapeur-424-sant-3-300x200.jpg 300w, https:\/\/www.ajecta.fr\/wp-content\/uploads\/2016\/08\/montereau2016-vapeur-424-sant-3-768x513.jpg 768w, https:\/\/www.ajecta.fr\/wp-content\/uploads\/2016\/08\/montereau2016-vapeur-424-sant-3-225x150.jpg 225w, https:\/\/www.ajecta.fr\/wp-content\/uploads\/2016\/08\/montereau2016-vapeur-424-sant-3-150x100.jpg 150w\" sizes=\"auto, (max-width: 800px) 100vw, 800px\" \/><p id=\"caption-attachment-516\" class=\"wp-caption-text\">Passage \u00e0 Vimpelles (photo C. Santiciolli)<\/p><\/div>\n<p>Le parcours\u00a0est parall\u00e8le \u00e0\u00a0la vall\u00e9e de la Seine jusqu&rsquo;aux faubourgs de Montereau o\u00f9 la ligne s&rsquo;incurve pour contourner l&rsquo;agglom\u00e9ration et rejoindre la gare.<\/p>\n<div id=\"attachment_518\" style=\"width: 810px\" class=\"wp-caption aligncenter\"><img loading=\"lazy\" decoding=\"async\" aria-describedby=\"caption-attachment-518\" class=\"size-full wp-image-518\" src=\"https:\/\/www.ajecta.fr\/wp-content\/uploads\/2016\/08\/montereau2016-vapeur-424-sant-5.jpg\" alt=\"Courcelles en bass\u00e9e (photo C.Santiciolli)\" width=\"800\" height=\"533\" srcset=\"https:\/\/www.ajecta.fr\/wp-content\/uploads\/2016\/08\/montereau2016-vapeur-424-sant-5.jpg 800w, https:\/\/www.ajecta.fr\/wp-content\/uploads\/2016\/08\/montereau2016-vapeur-424-sant-5-300x200.jpg 300w, https:\/\/www.ajecta.fr\/wp-content\/uploads\/2016\/08\/montereau2016-vapeur-424-sant-5-768x512.jpg 768w, https:\/\/www.ajecta.fr\/wp-content\/uploads\/2016\/08\/montereau2016-vapeur-424-sant-5-225x150.jpg 225w, https:\/\/www.ajecta.fr\/wp-content\/uploads\/2016\/08\/montereau2016-vapeur-424-sant-5-150x100.jpg 150w\" sizes=\"auto, (max-width: 800px) 100vw, 800px\" \/><p id=\"caption-attachment-518\" class=\"wp-caption-text\">Courcelles en bass\u00e9e (photo C.Santiciolli)<\/p><\/div>\n<div id=\"attachment_519\" style=\"width: 810px\" class=\"wp-caption aligncenter\"><img loading=\"lazy\" decoding=\"async\" aria-describedby=\"caption-attachment-519\" class=\"size-full wp-image-519\" src=\"https:\/\/www.ajecta.fr\/wp-content\/uploads\/2016\/08\/montereau2016-vapeur-424-sant-6.jpg\" alt=\"La halte de Noslong-Marolles, contemporaine de la compagnie du chemin de fer de Montereau \u00e0 Troyes \u00e0 la fin des ann\u00e9es 1840 (photo C.Santiciolli)\" width=\"800\" height=\"533\" srcset=\"https:\/\/www.ajecta.fr\/wp-content\/uploads\/2016\/08\/montereau2016-vapeur-424-sant-6.jpg 800w, https:\/\/www.ajecta.fr\/wp-content\/uploads\/2016\/08\/montereau2016-vapeur-424-sant-6-300x200.jpg 300w, https:\/\/www.ajecta.fr\/wp-content\/uploads\/2016\/08\/montereau2016-vapeur-424-sant-6-768x512.jpg 768w, https:\/\/www.ajecta.fr\/wp-content\/uploads\/2016\/08\/montereau2016-vapeur-424-sant-6-225x150.jpg 225w, https:\/\/www.ajecta.fr\/wp-content\/uploads\/2016\/08\/montereau2016-vapeur-424-sant-6-150x100.jpg 150w\" sizes=\"auto, (max-width: 800px) 100vw, 800px\" \/><p id=\"caption-attachment-519\" class=\"wp-caption-text\">La halte de Noslong-Marolles, contemporaine de la compagnie du chemin de fer de Montereau \u00e0 Troyes \u00e0 la fin des ann\u00e9es 1840 (photo C.Santiciolli<\/p><\/div>\n<p>Le train \u00e0 vapeur passe au dessus de la ligne TGV Sud-Est. Pas de TGV en vue de jour l\u00e0, dommage&#8230;<\/p>\n<div id=\"attachment_520\" style=\"width: 810px\" class=\"wp-caption aligncenter\"><img loading=\"lazy\" decoding=\"async\" aria-describedby=\"caption-attachment-520\" class=\"size-full wp-image-520\" src=\"https:\/\/www.ajecta.fr\/wp-content\/uploads\/2016\/08\/montereau2016-vapeur-424-sant-7.jpg\" alt=\"Passage au dessus de la ligne TGV Sud-Est (photo C.Santiciolli)\" width=\"800\" height=\"533\" srcset=\"https:\/\/www.ajecta.fr\/wp-content\/uploads\/2016\/08\/montereau2016-vapeur-424-sant-7.jpg 800w, https:\/\/www.ajecta.fr\/wp-content\/uploads\/2016\/08\/montereau2016-vapeur-424-sant-7-300x200.jpg 300w, https:\/\/www.ajecta.fr\/wp-content\/uploads\/2016\/08\/montereau2016-vapeur-424-sant-7-768x512.jpg 768w, https:\/\/www.ajecta.fr\/wp-content\/uploads\/2016\/08\/montereau2016-vapeur-424-sant-7-225x150.jpg 225w, https:\/\/www.ajecta.fr\/wp-content\/uploads\/2016\/08\/montereau2016-vapeur-424-sant-7-150x100.jpg 150w\" sizes=\"auto, (max-width: 800px) 100vw, 800px\" \/><p id=\"caption-attachment-520\" class=\"wp-caption-text\">Passage au dessus de la ligne TGV Sud-Est (photo C.Santiciolli<\/p><\/div>\n<p>Arriv\u00e9e en gare de Montereau pour un stationnement de quelques heures devant le b\u00e2timent voyageurs.<\/p>\n<div id=\"attachment_522\" style=\"width: 810px\" class=\"wp-caption aligncenter\"><img loading=\"lazy\" decoding=\"async\" aria-describedby=\"caption-attachment-522\" class=\"size-full wp-image-522\" src=\"https:\/\/www.ajecta.fr\/wp-content\/uploads\/2016\/08\/montereau2016-vapeur-424-sant-9.jpg\" alt=\"Arriv\u00e9e en gare de Montereau (photo C.Santiciollli)\" width=\"800\" height=\"533\" srcset=\"https:\/\/www.ajecta.fr\/wp-content\/uploads\/2016\/08\/montereau2016-vapeur-424-sant-9.jpg 800w, https:\/\/www.ajecta.fr\/wp-content\/uploads\/2016\/08\/montereau2016-vapeur-424-sant-9-300x200.jpg 300w, https:\/\/www.ajecta.fr\/wp-content\/uploads\/2016\/08\/montereau2016-vapeur-424-sant-9-768x512.jpg 768w, https:\/\/www.ajecta.fr\/wp-content\/uploads\/2016\/08\/montereau2016-vapeur-424-sant-9-225x150.jpg 225w, https:\/\/www.ajecta.fr\/wp-content\/uploads\/2016\/08\/montereau2016-vapeur-424-sant-9-150x100.jpg 150w\" sizes=\"auto, (max-width: 800px) 100vw, 800px\" \/><p id=\"caption-attachment-522\" class=\"wp-caption-text\">Arriv\u00e9e en gare de Montereau (photo C.Santiciollli)<\/p><\/div>\n<div id=\"attachment_511\" style=\"width: 810px\" class=\"wp-caption aligncenter\"><img loading=\"lazy\" decoding=\"async\" aria-describedby=\"caption-attachment-511\" class=\"size-full wp-image-511\" src=\"https:\/\/www.ajecta.fr\/wp-content\/uploads\/2016\/08\/montereau2016-Berger-5.jpg\" alt=\"Stationnement en gare de Montereau (photo Ajecta\/P.Berger)\" width=\"800\" height=\"533\" srcset=\"https:\/\/www.ajecta.fr\/wp-content\/uploads\/2016\/08\/montereau2016-Berger-5.jpg 800w, https:\/\/www.ajecta.fr\/wp-content\/uploads\/2016\/08\/montereau2016-Berger-5-300x200.jpg 300w, https:\/\/www.ajecta.fr\/wp-content\/uploads\/2016\/08\/montereau2016-Berger-5-768x512.jpg 768w, https:\/\/www.ajecta.fr\/wp-content\/uploads\/2016\/08\/montereau2016-Berger-5-225x150.jpg 225w, https:\/\/www.ajecta.fr\/wp-content\/uploads\/2016\/08\/montereau2016-Berger-5-150x100.jpg 150w\" sizes=\"auto, (max-width: 800px) 100vw, 800px\" \/><p id=\"caption-attachment-511\" class=\"wp-caption-text\">Stationnement en gare de Montereau (photo Ajecta\/P.Berger)<\/p><\/div>\n<div id=\"attachment_531\" style=\"width: 810px\" class=\"wp-caption aligncenter\"><img loading=\"lazy\" decoding=\"async\" aria-describedby=\"caption-attachment-531\" class=\"size-full wp-image-531\" src=\"https:\/\/www.ajecta.fr\/wp-content\/uploads\/2016\/08\/montereau2016-vapeur-424-tasm-5.jpg\" alt=\"Ravitaillement en eau pour la 141 TB 424 (photo J.Tasma)\" width=\"800\" height=\"532\" srcset=\"https:\/\/www.ajecta.fr\/wp-content\/uploads\/2016\/08\/montereau2016-vapeur-424-tasm-5.jpg 800w, https:\/\/www.ajecta.fr\/wp-content\/uploads\/2016\/08\/montereau2016-vapeur-424-tasm-5-300x200.jpg 300w, https:\/\/www.ajecta.fr\/wp-content\/uploads\/2016\/08\/montereau2016-vapeur-424-tasm-5-768x511.jpg 768w, https:\/\/www.ajecta.fr\/wp-content\/uploads\/2016\/08\/montereau2016-vapeur-424-tasm-5-226x150.jpg 226w, https:\/\/www.ajecta.fr\/wp-content\/uploads\/2016\/08\/montereau2016-vapeur-424-tasm-5-150x100.jpg 150w\" sizes=\"auto, (max-width: 800px) 100vw, 800px\" \/><p id=\"caption-attachment-531\" class=\"wp-caption-text\">Ravitaillement en eau pour la 141 TB 424 (photo J.Tasma)<\/p><\/div>\n<div id=\"attachment_513\" style=\"width: 810px\" class=\"wp-caption aligncenter\"><img loading=\"lazy\" decoding=\"async\" aria-describedby=\"caption-attachment-513\" class=\"size-full wp-image-513\" src=\"https:\/\/www.ajecta.fr\/wp-content\/uploads\/2016\/08\/montereau2016-vapeur-424-mans-2.jpg\" alt=\"Deux g\u00e9n\u00e9rations tr\u00e8s diff\u00e9rentes de mat\u00e9riel de banlieue ! (photo T.Mansouri)\" width=\"800\" height=\"1203\" srcset=\"https:\/\/www.ajecta.fr\/wp-content\/uploads\/2016\/08\/montereau2016-vapeur-424-mans-2.jpg 800w, https:\/\/www.ajecta.fr\/wp-content\/uploads\/2016\/08\/montereau2016-vapeur-424-mans-2-200x300.jpg 200w, https:\/\/www.ajecta.fr\/wp-content\/uploads\/2016\/08\/montereau2016-vapeur-424-mans-2-768x1155.jpg 768w, https:\/\/www.ajecta.fr\/wp-content\/uploads\/2016\/08\/montereau2016-vapeur-424-mans-2-681x1024.jpg 681w, https:\/\/www.ajecta.fr\/wp-content\/uploads\/2016\/08\/montereau2016-vapeur-424-mans-2-100x150.jpg 100w\" sizes=\"auto, (max-width: 800px) 100vw, 800px\" \/><p id=\"caption-attachment-513\" class=\"wp-caption-text\">Deux g\u00e9n\u00e9rations tr\u00e8s diff\u00e9rentes de mat\u00e9riel de banlieue ! (photo T.Mansouri)<\/p><\/div>\n<div id=\"attachment_512\" style=\"width: 810px\" class=\"wp-caption aligncenter\"><img loading=\"lazy\" decoding=\"async\" aria-describedby=\"caption-attachment-512\" class=\"size-full wp-image-512\" src=\"https:\/\/www.ajecta.fr\/wp-content\/uploads\/2016\/08\/montereau2016-vapeur-424-mans-1.jpg\" alt=\"La rame est pr\u00eate pour le retour (photo T. Mansouri)\" width=\"800\" height=\"532\" srcset=\"https:\/\/www.ajecta.fr\/wp-content\/uploads\/2016\/08\/montereau2016-vapeur-424-mans-1.jpg 800w, https:\/\/www.ajecta.fr\/wp-content\/uploads\/2016\/08\/montereau2016-vapeur-424-mans-1-300x200.jpg 300w, https:\/\/www.ajecta.fr\/wp-content\/uploads\/2016\/08\/montereau2016-vapeur-424-mans-1-768x511.jpg 768w, https:\/\/www.ajecta.fr\/wp-content\/uploads\/2016\/08\/montereau2016-vapeur-424-mans-1-226x150.jpg 226w, https:\/\/www.ajecta.fr\/wp-content\/uploads\/2016\/08\/montereau2016-vapeur-424-mans-1-150x100.jpg 150w\" sizes=\"auto, (max-width: 800px) 100vw, 800px\" \/><p id=\"caption-attachment-512\" class=\"wp-caption-text\">La rame est pr\u00eate pour le retour (photo T. Mansouri)<\/p><\/div>\n<p>Le retour s&rsquo;effectue en sens inverse. La locomotive est cette fois orient\u00e9e \u00ab\u00a0tender en avant\u00a0\u00bb.<\/p>\n<div id=\"attachment_525\" style=\"width: 810px\" class=\"wp-caption aligncenter\"><img loading=\"lazy\" decoding=\"async\" aria-describedby=\"caption-attachment-525\" class=\"size-full wp-image-525\" src=\"https:\/\/www.ajecta.fr\/wp-content\/uploads\/2016\/08\/montereau2016-vapeur-424-sant-12.jpg\" alt=\"A l'approche de la halte de Noslong-Marolles (photo C.Santiciolli)\" width=\"800\" height=\"530\" srcset=\"https:\/\/www.ajecta.fr\/wp-content\/uploads\/2016\/08\/montereau2016-vapeur-424-sant-12.jpg 800w, https:\/\/www.ajecta.fr\/wp-content\/uploads\/2016\/08\/montereau2016-vapeur-424-sant-12-300x199.jpg 300w, https:\/\/www.ajecta.fr\/wp-content\/uploads\/2016\/08\/montereau2016-vapeur-424-sant-12-768x509.jpg 768w, https:\/\/www.ajecta.fr\/wp-content\/uploads\/2016\/08\/montereau2016-vapeur-424-sant-12-226x150.jpg 226w, https:\/\/www.ajecta.fr\/wp-content\/uploads\/2016\/08\/montereau2016-vapeur-424-sant-12-150x99.jpg 150w\" sizes=\"auto, (max-width: 800px) 100vw, 800px\" \/><p id=\"caption-attachment-525\" class=\"wp-caption-text\">A l&rsquo;approche de la halte de Noslong-Marolles (photo C.Santiciolli)<\/p><\/div>\n<div id=\"attachment_524\" style=\"width: 810px\" class=\"wp-caption aligncenter\"><img loading=\"lazy\" decoding=\"async\" aria-describedby=\"caption-attachment-524\" class=\"size-full wp-image-524\" src=\"https:\/\/www.ajecta.fr\/wp-content\/uploads\/2016\/08\/montereau2016-vapeur-424-sant-11.jpg\" alt=\"Dans le m\u00eame secteur (photo C. Santiciolli)\" width=\"800\" height=\"533\" srcset=\"https:\/\/www.ajecta.fr\/wp-content\/uploads\/2016\/08\/montereau2016-vapeur-424-sant-11.jpg 800w, https:\/\/www.ajecta.fr\/wp-content\/uploads\/2016\/08\/montereau2016-vapeur-424-sant-11-300x200.jpg 300w, https:\/\/www.ajecta.fr\/wp-content\/uploads\/2016\/08\/montereau2016-vapeur-424-sant-11-768x512.jpg 768w, https:\/\/www.ajecta.fr\/wp-content\/uploads\/2016\/08\/montereau2016-vapeur-424-sant-11-225x150.jpg 225w, https:\/\/www.ajecta.fr\/wp-content\/uploads\/2016\/08\/montereau2016-vapeur-424-sant-11-150x100.jpg 150w\" sizes=\"auto, (max-width: 800px) 100vw, 800px\" \/><p id=\"caption-attachment-524\" class=\"wp-caption-text\">Dans le m\u00eame secteur (photo C. Santiciolli)<\/p><\/div>\n<p>Par endroits, les zones bois\u00e9es \u00e9voquent presque la for\u00eat \u00e9quatoriale !<\/p>\n<div id=\"attachment_526\" style=\"width: 810px\" class=\"wp-caption aligncenter\"><img loading=\"lazy\" decoding=\"async\" aria-describedby=\"caption-attachment-526\" class=\"size-full wp-image-526\" src=\"https:\/\/www.ajecta.fr\/wp-content\/uploads\/2016\/08\/montereau2016-vapeur-424-sant-13.jpg\" alt=\"Dans un tunnel de verdure (photo C.Santiciolli)\" width=\"800\" height=\"533\" srcset=\"https:\/\/www.ajecta.fr\/wp-content\/uploads\/2016\/08\/montereau2016-vapeur-424-sant-13.jpg 800w, https:\/\/www.ajecta.fr\/wp-content\/uploads\/2016\/08\/montereau2016-vapeur-424-sant-13-300x200.jpg 300w, https:\/\/www.ajecta.fr\/wp-content\/uploads\/2016\/08\/montereau2016-vapeur-424-sant-13-768x512.jpg 768w, https:\/\/www.ajecta.fr\/wp-content\/uploads\/2016\/08\/montereau2016-vapeur-424-sant-13-225x150.jpg 225w, https:\/\/www.ajecta.fr\/wp-content\/uploads\/2016\/08\/montereau2016-vapeur-424-sant-13-150x100.jpg 150w\" sizes=\"auto, (max-width: 800px) 100vw, 800px\" \/><p id=\"caption-attachment-526\" class=\"wp-caption-text\">Dans un tunnel de verdure (photo C.Santiciolli)<\/p><\/div>\n<div id=\"attachment_509\" style=\"width: 810px\" class=\"wp-caption aligncenter\"><img loading=\"lazy\" decoding=\"async\" aria-describedby=\"caption-attachment-509\" class=\"size-full wp-image-509\" src=\"https:\/\/www.ajecta.fr\/wp-content\/uploads\/2016\/08\/montereau2016-Berger-3.jpg\" alt=\"Non loin de Gouaix, l'ambiance est presque tourangelle (photo Ajecta\/P.Berger)\" width=\"800\" height=\"511\" srcset=\"https:\/\/www.ajecta.fr\/wp-content\/uploads\/2016\/08\/montereau2016-Berger-3.jpg 800w, https:\/\/www.ajecta.fr\/wp-content\/uploads\/2016\/08\/montereau2016-Berger-3-300x192.jpg 300w, https:\/\/www.ajecta.fr\/wp-content\/uploads\/2016\/08\/montereau2016-Berger-3-768x491.jpg 768w, https:\/\/www.ajecta.fr\/wp-content\/uploads\/2016\/08\/montereau2016-Berger-3-235x150.jpg 235w, https:\/\/www.ajecta.fr\/wp-content\/uploads\/2016\/08\/montereau2016-Berger-3-150x96.jpg 150w\" sizes=\"auto, (max-width: 800px) 100vw, 800px\" \/><p id=\"caption-attachment-509\" class=\"wp-caption-text\">Non loin de Gouaix, l&rsquo;ambiance est presque tourangelle (photo Ajecta\/P.Berger)<\/p><\/div>\n<div id=\"attachment_528\" style=\"width: 810px\" class=\"wp-caption aligncenter\"><img loading=\"lazy\" decoding=\"async\" aria-describedby=\"caption-attachment-528\" class=\"size-full wp-image-528\" src=\"https:\/\/www.ajecta.fr\/wp-content\/uploads\/2016\/08\/montereau2016-vapeur-424-sant-143.jpg\" alt=\"Arriv\u00e9e \u00e0 Flamboin (Photo C. Santiciolli)\" width=\"800\" height=\"533\" srcset=\"https:\/\/www.ajecta.fr\/wp-content\/uploads\/2016\/08\/montereau2016-vapeur-424-sant-143.jpg 800w, https:\/\/www.ajecta.fr\/wp-content\/uploads\/2016\/08\/montereau2016-vapeur-424-sant-143-300x200.jpg 300w, https:\/\/www.ajecta.fr\/wp-content\/uploads\/2016\/08\/montereau2016-vapeur-424-sant-143-768x512.jpg 768w, https:\/\/www.ajecta.fr\/wp-content\/uploads\/2016\/08\/montereau2016-vapeur-424-sant-143-225x150.jpg 225w, https:\/\/www.ajecta.fr\/wp-content\/uploads\/2016\/08\/montereau2016-vapeur-424-sant-143-150x100.jpg 150w\" sizes=\"auto, (max-width: 800px) 100vw, 800px\" \/><p id=\"caption-attachment-528\" class=\"wp-caption-text\">Arriv\u00e9e \u00e0 Flamboin (Photo C. Santiciolli)<\/p><\/div>\n<p>Apr\u00e8s des man\u0153uvres identiques \u00e0 celles de l&rsquo;aller pour remettre la machine \u00e0 vapeur en t\u00eate, la rame repart vers Longueville par la ligne 4. C&rsquo;est le terme d&rsquo;une tr\u00e8s bonne journ\u00e9e, pour les voyageurs comme pour l&rsquo;\u00e9quipe.<\/p>\n<div id=\"attachment_574\" style=\"width: 810px\" class=\"wp-caption aligncenter\"><img loading=\"lazy\" decoding=\"async\" aria-describedby=\"caption-attachment-574\" class=\"size-full wp-image-574\" src=\"https:\/\/www.ajecta.fr\/wp-content\/uploads\/2016\/08\/montereau2016-Berger-6.jpg\" alt=\"Arriv\u00e9e \u00e0 Longueville, au terme du voyage (photo Ajecta-P.Berger)\" width=\"800\" height=\"533\" srcset=\"https:\/\/www.ajecta.fr\/wp-content\/uploads\/2016\/08\/montereau2016-Berger-6.jpg 800w, https:\/\/www.ajecta.fr\/wp-content\/uploads\/2016\/08\/montereau2016-Berger-6-300x200.jpg 300w, https:\/\/www.ajecta.fr\/wp-content\/uploads\/2016\/08\/montereau2016-Berger-6-768x512.jpg 768w, https:\/\/www.ajecta.fr\/wp-content\/uploads\/2016\/08\/montereau2016-Berger-6-225x150.jpg 225w, https:\/\/www.ajecta.fr\/wp-content\/uploads\/2016\/08\/montereau2016-Berger-6-150x100.jpg 150w\" sizes=\"auto, (max-width: 800px) 100vw, 800px\" \/><p id=\"caption-attachment-574\" class=\"wp-caption-text\">Arriv\u00e9e \u00e0 Longueville, au terme du voyage (photo Ajecta-P.Berger)<\/p><\/div>\n<p>&nbsp;<\/p>\n","protected":false},"excerpt":{"rendered":"<p>Quittant l&rsquo;habituel trajet Longueville-Provins, le train \u00e0 vapeur se rendait ce samedi 02 juillet 2016 jusqu&rsquo;\u00e0 Montereau en passant par la ligne de\u00a0Flamboin, une belle ligne \u00e0 voie unique r\u00e9cemment r\u00e9ouverte. Initialement envisag\u00e9 pour aller jusqu&rsquo;\u00e0 Moret sur Loing, ce train avait bien failli ne pas circuler en raison de\u2026<\/p>\n<p class=\"continue-reading-button\"> <a class=\"continue-reading-link\" href=\"https:\/\/www.ajecta.fr\/?page_id=535\">Continue reading<i class=\"crycon-right-dir\"><\/i><\/a><\/p>\n","protected":false},"author":2,"featured_media":0,"parent":55,"menu_order":0,"comment_status":"closed","ping_status":"closed","template":"","meta":{"footnotes":""},"class_list":["post-535","page","type-page","status-publish","hentry"],"_links":{"self":[{"href":"https:\/\/www.ajecta.fr\/index.php?rest_route=\/wp\/v2\/pages\/535","targetHints":{"allow":["GET"]}}],"collection":[{"href":"https:\/\/www.ajecta.fr\/index.php?rest_route=\/wp\/v2\/pages"}],"about":[{"href":"https:\/\/www.ajecta.fr\/index.php?rest_route=\/wp\/v2\/types\/page"}],"author":[{"embeddable":true,"href":"https:\/\/www.ajecta.fr\/index.php?rest_route=\/wp\/v2\/users\/2"}],"replies":[{"embeddable":true,"href":"https:\/\/www.ajecta.fr\/index.php?rest_route=%2Fwp%2Fv2%2Fcomments&post=535"}],"version-history":[{"count":0,"href":"https:\/\/www.ajecta.fr\/index.php?rest_route=\/wp\/v2\/pages\/535\/revisions"}],"up":[{"embeddable":true,"href":"https:\/\/www.ajecta.fr\/index.php?rest_route=\/wp\/v2\/pages\/55"}],"wp:attachment":[{"href":"https:\/\/www.ajecta.fr\/index.php?rest_route=%2Fwp%2Fv2%2Fmedia&parent=535"}],"curies":[{"name":"wp","href":"https:\/\/api.w.org\/{rel}","templated":true}]}}