{"id":2358,"date":"2018-11-05T15:51:02","date_gmt":"2018-11-05T14:51:02","guid":{"rendered":"https:\/\/www.ajecta.fr\/?page_id=2358"},"modified":"2018-11-06T08:40:19","modified_gmt":"2018-11-06T07:40:19","slug":"la-141-tc-19","status":"publish","type":"page","link":"https:\/\/www.ajecta.fr\/?page_id=2358","title":{"rendered":"La 141 TC 19"},"content":{"rendered":"<p><img loading=\"lazy\" decoding=\"async\" class=\"alignnone size-large wp-image-2372\" src=\"https:\/\/www.ajecta.fr\/wp-content\/uploads\/2018\/11\/141TC_Diag1n-1024x347.jpg\" alt=\"\" width=\"1024\" height=\"347\" srcset=\"https:\/\/www.ajecta.fr\/wp-content\/uploads\/2018\/11\/141TC_Diag1n-1024x347.jpg 1024w, https:\/\/www.ajecta.fr\/wp-content\/uploads\/2018\/11\/141TC_Diag1n-300x102.jpg 300w, https:\/\/www.ajecta.fr\/wp-content\/uploads\/2018\/11\/141TC_Diag1n.jpg 1152w\" sizes=\"auto, (max-width: 1024px) 100vw, 1024px\" \/><\/p>\n<p>&nbsp;<\/p>\n<p>Num\u00e9rot\u00e9es 42.001 \u00e0 42.020 par le r\u00e9seau\u00a0de l\u2019Etat, ces 20 \u201cMikado tender\u201d avaient\u00a0\u00e9t\u00e9 con\u00e7ues pour la banlieue de Paris Saint\u00a0Lazare, en remplacement partiel des \u201cPrairies\u00a032.500\u201d (131TA). Construites en 1922 par\u00a0Fives Lille, ces machines \u00e0 simple expansion\u00a0et surchauffe, renum\u00e9rot\u00e9es ensuite par la\u00a0SNCF 141 TC 1 \u00e0 20, furent \u00e9quip\u00e9es de la\u00a0r\u00e9versibilit\u00e9 pour la traction des rames dites\u00a0\u201cTalbot\u201d et des rames \u00e0 deux \u00e9tages ETAT.\u00a0Evinc\u00e9es de la banlieue parisienne, suite \u00e0\u00a0l\u2019avanc\u00e9e de l\u2019\u00e9lectrification en 1966, quelques\u00a0unes furent lou\u00e9es aux CFTA pour la traction\u00a0des trains marchandises, et de trains de\u00a0voyageurs en remplacement d\u2019autorails, sur\u00a0le R\u00e9seau Breton (ligne Carhaix \u2013 Guingamp\u00a0\u2013 Paimpol).<br \/>\nLa 141 TC 19 fut choisie pour \u00eatre pr\u00e9serv\u00e9e\u00a0par l\u2019association en 1977. Arriv\u00e9e au d\u00e9p\u00f4t\u00a0en 1981 apr\u00e8s un long acheminement sem\u00e9\u00a0d\u2019obstacles techniques et administratifs,\u00a0elle \u00e9t\u00e9 sommairement remise en \u00e9tat de\u00a0pr\u00e9sentation statique pour le Mus\u00e9e.<\/p>\n","protected":false},"excerpt":{"rendered":"<p>&nbsp; Num\u00e9rot\u00e9es 42.001 \u00e0 42.020 par le r\u00e9seau\u00a0de l\u2019Etat, ces 20 \u201cMikado tender\u201d avaient\u00a0\u00e9t\u00e9 con\u00e7ues pour la banlieue de Paris Saint\u00a0Lazare, en remplacement partiel des \u201cPrairies\u00a032.500\u201d (131TA). Construites en 1922 par\u00a0Fives Lille, ces machines \u00e0 simple expansion\u00a0et surchauffe, renum\u00e9rot\u00e9es ensuite par la\u00a0SNCF 141 TC 1 \u00e0 20, furent \u00e9quip\u00e9es de\u2026<\/p>\n<p class=\"continue-reading-button\"> <a class=\"continue-reading-link\" href=\"https:\/\/www.ajecta.fr\/?page_id=2358\">Continue reading<i class=\"crycon-right-dir\"><\/i><\/a><\/p>\n","protected":false},"author":1,"featured_media":0,"parent":0,"menu_order":0,"comment_status":"closed","ping_status":"closed","template":"","meta":{"footnotes":""},"class_list":["post-2358","page","type-page","status-publish","hentry"],"_links":{"self":[{"href":"https:\/\/www.ajecta.fr\/index.php?rest_route=\/wp\/v2\/pages\/2358","targetHints":{"allow":["GET"]}}],"collection":[{"href":"https:\/\/www.ajecta.fr\/index.php?rest_route=\/wp\/v2\/pages"}],"about":[{"href":"https:\/\/www.ajecta.fr\/index.php?rest_route=\/wp\/v2\/types\/page"}],"author":[{"embeddable":true,"href":"https:\/\/www.ajecta.fr\/index.php?rest_route=\/wp\/v2\/users\/1"}],"replies":[{"embeddable":true,"href":"https:\/\/www.ajecta.fr\/index.php?rest_route=%2Fwp%2Fv2%2Fcomments&post=2358"}],"version-history":[{"count":5,"href":"https:\/\/www.ajecta.fr\/index.php?rest_route=\/wp\/v2\/pages\/2358\/revisions"}],"predecessor-version":[{"id":2384,"href":"https:\/\/www.ajecta.fr\/index.php?rest_route=\/wp\/v2\/pages\/2358\/revisions\/2384"}],"wp:attachment":[{"href":"https:\/\/www.ajecta.fr\/index.php?rest_route=%2Fwp%2Fv2%2Fmedia&parent=2358"}],"curies":[{"name":"wp","href":"https:\/\/api.w.org\/{rel}","templated":true}]}}